{"id":6402,"date":"2026-07-16T10:39:58","date_gmt":"2026-07-16T08:39:58","guid":{"rendered":"https:\/\/leroyalnagyker.hu\/termek\/tempera-festek-500-ml-es-vilagoskek\/"},"modified":"2026-07-30T12:40:03","modified_gmt":"2026-07-30T10:40:03","slug":"tempera-festek-500-ml-es-vilagoskek","status":"publish","type":"product","link":"https:\/\/leroyalnagyker.hu\/de\/termek\/tempera-festek-500-ml-es-vilagoskek\/","title":{"rendered":"Tempera fest\u00e9k. 500 ml-es. vil\u00e1gosk\u00e9k."},"content":{"rendered":"<p>\u00c9l\u00e9nk pigmentekben gazdag tempera fest\u00e9k, amely pap\u00edron, kartonon \u00e9s egy\u00e9b fel\u00fcleteken egyar\u00e1nt j\u00f3l fed \u00e9s gyorsan sz\u00e1rad. Iskolai rajz\u00f3r\u00e1khoz \u00e9s otthoni kreat\u00edv alkot\u00e1shoz egyar\u00e1nt kiv\u00e1l\u00f3 min\u0151s\u00e9g\u0171 alapanyag. K\u00f6nnyen kimoshat\u00f3, gyerekbar\u00e1t \u00f6sszet\u00e9tel\u0171 fest\u00e9k.<\/p>","protected":false},"excerpt":{"rendered":"<p>Cikksz\u00e1m: Nebulo-NTF-500-VKE | Vonalk\u00f3d: 5999565283650<\/p>","protected":false},"featured_media":6401,"comment_status":"open","ping_status":"closed","template":"","meta":{"_bst_post_transparent":"default","_bst_post_title":"","_bst_post_layout":"default","_bst_post_sidebar_id":"","_bst_post_content_style":"default","_bst_post_vertical_padding":"default","_bst_post_feature":"","_bst_post_feature_position":"","_bst_post_header":false,"_bst_post_footer":false},"product_brand":[],"product_cat":[129],"product_tag":[],"product_brands":[],"class_list":["post-6402","product","type-product","status-publish","has-post-thumbnail","product_cat-nebulo-iskola-es-irodaszerek","first","instock","shipping-taxable","product-type-simple","entry","content-bg","loop-entry"],"group_of_quantity":0,"min_quantity":0,"max_quantity":"","exclude_order_quantity_value_rules":"no","exclude_category_quantity_rules":"no","combine_variations":"no","_links":{"self":[{"href":"https:\/\/leroyalnagyker.hu\/de\/wp-json\/wp\/v2\/product\/6402","targetHints":{"allow":["GET"]}}],"collection":[{"href":"https:\/\/leroyalnagyker.hu\/de\/wp-json\/wp\/v2\/product"}],"about":[{"href":"https:\/\/leroyalnagyker.hu\/de\/wp-json\/wp\/v2\/types\/product"}],"replies":[{"embeddable":true,"href":"https:\/\/leroyalnagyker.hu\/de\/wp-json\/wp\/v2\/comments?post=6402"}],"wp:featuredmedia":[{"embeddable":true,"href":"https:\/\/leroyalnagyker.hu\/de\/wp-json\/wp\/v2\/media\/6401"}],"wp:attachment":[{"href":"https:\/\/leroyalnagyker.hu\/de\/wp-json\/wp\/v2\/media?parent=6402"}],"wp:term":[{"taxonomy":"product_brand","embeddable":true,"href":"https:\/\/leroyalnagyker.hu\/de\/wp-json\/wp\/v2\/product_brand?post=6402"},{"taxonomy":"product_cat","embeddable":true,"href":"https:\/\/leroyalnagyker.hu\/de\/wp-json\/wp\/v2\/product_cat?post=6402"},{"taxonomy":"product_tag","embeddable":true,"href":"https:\/\/leroyalnagyker.hu\/de\/wp-json\/wp\/v2\/product_tag?post=6402"},{"taxonomy":"product_brands","embeddable":true,"href":"https:\/\/leroyalnagyker.hu\/de\/wp-json\/wp\/v2\/product_brands?post=6402"}],"curies":[{"name":"wp","href":"https:\/\/api.w.org\/{rel}","templated":true}]}}